{"id":691,"date":"2025-11-17T13:31:43","date_gmt":"2025-11-17T12:31:43","guid":{"rendered":"https:\/\/freiheit-kongress.de\/?page_id=691"},"modified":"2026-01-14T06:45:35","modified_gmt":"2026-01-14T05:45:35","slug":"freedom-2026-congress-against-human-trafficking-and-sexual-exploitation-3","status":"publish","type":"page","link":"https:\/\/freiheit-kongress.de\/en\/freedom-2026-congress-against-human-trafficking-and-sexual-exploitation-3\/","title":{"rendered":"Prayer"},"content":{"rendered":"\t\t<div data-elementor-type=\"wp-page\" data-elementor-id=\"691\" class=\"elementor elementor-691 elementor-690\" data-elementor-post-type=\"page\">\n\t\t\t\t<div class=\"elementor-element elementor-element-9f731de e-flex e-con-boxed e-con e-parent\" data-id=\"9f731de\" data-element_type=\"container\" data-e-type=\"container\">\n\t\t\t\t\t<div class=\"e-con-inner\">\n\t\t\t\t<div class=\"elementor-element elementor-element-2d3f16a elementor-absolute elementor-widget elementor-widget-wpml-language-switcher\" data-id=\"2d3f16a\" data-element_type=\"widget\" data-e-type=\"widget\" data-settings=\"{&quot;_position&quot;:&quot;absolute&quot;}\" data-widget_type=\"wpml-language-switcher.default\">\n\t\t\t\t<div class=\"elementor-widget-container\">\n\t\t\t\t\t<div class=\"wpml-elementor-ls\">\n<div role=\"navigation\" aria-label=\"Language Switcher\" class=\"wpml-ls-statics-shortcode_actions wpml-ls wpml-ls-legacy-list-horizontal\">\n\t<ul><li class=\"wpml-ls-slot-shortcode_actions wpml-ls-item wpml-ls-item-en wpml-ls-current-language wpml-ls-first-item wpml-ls-item-legacy-list-horizontal\">\n\t\t\t\t<a href=\"https:\/\/freiheit-kongress.de\/en\/\" hreflang=\"en\" lang=\"en\" class=\"wpml-ls-link\" aria-current=\"page\" aria-label=\"Switch to EN (EN)\" title=\"Switch to EN (EN)\">\n\t\t\t\t\t                                    <img decoding=\"async\"\n            class=\"wpml-ls-flag\"\n            src=\"https:\/\/freiheit-kongress.de\/wp-content\/plugins\/sitepress-multilingual-cms\/res\/flags\/en.svg\"\n            alt=\"\"\n            loading=\"lazy\"\n            width=18\n            height=12\n    \/><span class=\"wpml-ls-native\">EN<\/span><\/a>\n\t\t\t<\/li><li class=\"wpml-ls-slot-shortcode_actions wpml-ls-item wpml-ls-item-de wpml-ls-last-item wpml-ls-item-legacy-list-horizontal\">\n\t\t\t\t<a href=\"https:\/\/freiheit-kongress.de\/\" hreflang=\"de\" lang=\"de\" class=\"wpml-ls-link\" aria-label=\"Switch to DE (DE)\" title=\"Switch to DE (DE)\">\n\t\t\t\t\t                                    <img decoding=\"async\"\n            class=\"wpml-ls-flag\"\n            src=\"https:\/\/freiheit-kongress.de\/wp-content\/plugins\/sitepress-multilingual-cms\/res\/flags\/de.svg\"\n            alt=\"\"\n            loading=\"lazy\"\n            width=18\n            height=12\n    \/><span class=\"wpml-ls-native\">DE<\/span><\/a>\n\t\t\t<\/li><\/ul>\n<\/div>\n<\/div>\t\t\t\t<\/div>\n\t\t\t\t<\/div>\n\t\t\t\t\t<\/div>\n\t\t\t\t<\/div>\n\t\t<div class=\"elementor-element elementor-element-db1e54b header-frehit e-flex e-con-boxed e-con e-parent\" data-id=\"db1e54b\" data-element_type=\"container\" data-e-type=\"container\" data-settings=\"{&quot;background_background&quot;:&quot;classic&quot;}\">\n\t\t\t\t\t<div class=\"e-con-inner\">\n\t\t<div class=\"elementor-element elementor-element-56a70c8 e-con-full header-main-sec e-flex e-con e-child\" data-id=\"56a70c8\" data-element_type=\"container\" data-e-type=\"container\">\n\t\t\t\t<div class=\"elementor-element elementor-element-c3709e9 elementor-nav-menu__align-start elementor-nav-menu--stretch elementor-widget-mobile__width-inherit elementor-widget-tablet__width-inherit elementor-nav-menu--dropdown-tablet elementor-nav-menu__text-align-aside elementor-nav-menu--toggle elementor-nav-menu--burger elementor-widget elementor-widget-nav-menu\" data-id=\"c3709e9\" data-element_type=\"widget\" data-e-type=\"widget\" data-settings=\"{&quot;full_width&quot;:&quot;stretch&quot;,&quot;layout&quot;:&quot;horizontal&quot;,&quot;submenu_icon&quot;:{&quot;value&quot;:&quot;&lt;svg aria-hidden=\\&quot;true\\&quot; class=\\&quot;e-font-icon-svg e-fas-caret-down\\&quot; viewBox=\\&quot;0 0 320 512\\&quot; xmlns=\\&quot;http:\\\/\\\/www.w3.org\\\/2000\\\/svg\\&quot;&gt;&lt;path d=\\&quot;M31.3 192h257.3c17.8 0 26.7 21.5 14.1 34.1L174.1 354.8c-7.8 7.8-20.5 7.8-28.3 0L17.2 226.1C4.6 213.5 13.5 192 31.3 192z\\&quot;&gt;&lt;\\\/path&gt;&lt;\\\/svg&gt;&quot;,&quot;library&quot;:&quot;fa-solid&quot;},&quot;toggle&quot;:&quot;burger&quot;}\" data-widget_type=\"nav-menu.default\">\n\t\t\t\t<div class=\"elementor-widget-container\">\n\t\t\t\t\t\t\t\t<nav aria-label=\"Men\u00fc\" class=\"elementor-nav-menu--main elementor-nav-menu__container elementor-nav-menu--layout-horizontal e--pointer-underline e--animation-fade\">\n\t\t\t\t<ul id=\"menu-1-c3709e9\" class=\"elementor-nav-menu\"><li class=\"menu-item menu-item-type-custom menu-item-object-custom menu-item-2384\"><a href=\"https:\/\/freiheit-kongress.de\/en\/\" class=\"elementor-item\">Home<\/a><\/li>\n<li class=\"menu-item menu-item-type-post_type menu-item-object-page menu-item-2383\"><a href=\"https:\/\/freiheit-kongress.de\/en\/freedom-2026-congress-against-human-trafficking-and-sexual-exploitation-3\/\" class=\"elementor-item\">Prayer<\/a><\/li>\n<li class=\"menu-item menu-item-type-post_type menu-item-object-page menu-item-2382\"><a href=\"https:\/\/freiheit-kongress.de\/en\/program\/\" class=\"elementor-item\">Program<\/a><\/li>\n<li class=\"menu-item menu-item-type-post_type menu-item-object-page menu-item-2639\"><a href=\"https:\/\/freiheit-kongress.de\/en\/freedom-2026-congress-against-human-trafficking-and-sexual-exploitation-4\/\" class=\"elementor-item\">Enable participation<\/a><\/li>\n<li class=\"menu-item menu-item-type-custom menu-item-object-custom menu-item-1936\"><a href=\"https:\/\/schoenblick.de\/de\/anmeldung-kongress-freiheit-2026\" class=\"elementor-item\">Registration<\/a><\/li>\n<\/ul>\t\t\t<\/nav>\n\t\t\t\t\t<div class=\"elementor-menu-toggle\" role=\"button\" tabindex=\"0\" aria-label=\"Menu Toggle\" aria-expanded=\"false\">\n\t\t\t<svg aria-hidden=\"true\" role=\"presentation\" class=\"elementor-menu-toggle__icon--open e-font-icon-svg e-eicon-menu-bar\" viewBox=\"0 0 1000 1000\" xmlns=\"http:\/\/www.w3.org\/2000\/svg\"><path d=\"M104 333H896C929 333 958 304 958 271S929 208 896 208H104C71 208 42 237 42 271S71 333 104 333ZM104 583H896C929 583 958 554 958 521S929 458 896 458H104C71 458 42 487 42 521S71 583 104 583ZM104 833H896C929 833 958 804 958 771S929 708 896 708H104C71 708 42 737 42 771S71 833 104 833Z\"><\/path><\/svg><svg aria-hidden=\"true\" role=\"presentation\" class=\"elementor-menu-toggle__icon--close e-font-icon-svg e-eicon-close\" viewBox=\"0 0 1000 1000\" xmlns=\"http:\/\/www.w3.org\/2000\/svg\"><path d=\"M742 167L500 408 258 167C246 154 233 150 217 150 196 150 179 158 167 167 154 179 150 196 150 212 150 229 154 242 171 254L408 500 167 742C138 771 138 800 167 829 196 858 225 858 254 829L496 587 738 829C750 842 767 846 783 846 800 846 817 842 829 829 842 817 846 804 846 783 846 767 842 750 829 737L588 500 833 258C863 229 863 200 833 171 804 137 775 137 742 167Z\"><\/path><\/svg>\t\t<\/div>\n\t\t\t\t\t<nav class=\"elementor-nav-menu--dropdown elementor-nav-menu__container\" aria-hidden=\"true\">\n\t\t\t\t<ul id=\"menu-2-c3709e9\" class=\"elementor-nav-menu\"><li class=\"menu-item menu-item-type-custom menu-item-object-custom menu-item-2384\"><a href=\"https:\/\/freiheit-kongress.de\/en\/\" class=\"elementor-item\" tabindex=\"-1\">Home<\/a><\/li>\n<li class=\"menu-item menu-item-type-post_type menu-item-object-page menu-item-2383\"><a href=\"https:\/\/freiheit-kongress.de\/en\/freedom-2026-congress-against-human-trafficking-and-sexual-exploitation-3\/\" class=\"elementor-item\" tabindex=\"-1\">Prayer<\/a><\/li>\n<li class=\"menu-item menu-item-type-post_type menu-item-object-page menu-item-2382\"><a href=\"https:\/\/freiheit-kongress.de\/en\/program\/\" class=\"elementor-item\" tabindex=\"-1\">Program<\/a><\/li>\n<li class=\"menu-item menu-item-type-post_type menu-item-object-page menu-item-2639\"><a href=\"https:\/\/freiheit-kongress.de\/en\/freedom-2026-congress-against-human-trafficking-and-sexual-exploitation-4\/\" class=\"elementor-item\" tabindex=\"-1\">Enable participation<\/a><\/li>\n<li class=\"menu-item menu-item-type-custom menu-item-object-custom menu-item-1936\"><a href=\"https:\/\/schoenblick.de\/de\/anmeldung-kongress-freiheit-2026\" class=\"elementor-item\" tabindex=\"-1\">Registration<\/a><\/li>\n<\/ul>\t\t\t<\/nav>\n\t\t\t\t\t\t<\/div>\n\t\t\t\t<\/div>\n\t\t\t\t<div class=\"elementor-element elementor-element-0d3aa53 elementor-widget__width-initial elementor-widget-tablet__width-inherit lan-swit elementor-widget elementor-widget-wpml-language-switcher\" data-id=\"0d3aa53\" data-element_type=\"widget\" data-e-type=\"widget\" data-widget_type=\"wpml-language-switcher.default\">\n\t\t\t\t<div class=\"elementor-widget-container\">\n\t\t\t\t\t<div class=\"wpml-elementor-ls\">\n<div role=\"navigation\" aria-label=\"Language Switcher\" class=\"wpml-ls-statics-shortcode_actions wpml-ls wpml-ls-legacy-list-horizontal\">\n\t<ul><li class=\"wpml-ls-slot-shortcode_actions wpml-ls-item wpml-ls-item-en wpml-ls-current-language wpml-ls-first-item wpml-ls-item-legacy-list-horizontal\">\n\t\t\t\t<a href=\"https:\/\/freiheit-kongress.de\/en\/\" hreflang=\"en\" lang=\"en\" class=\"wpml-ls-link\" aria-current=\"page\" aria-label=\"Switch to EN (EN)\" title=\"Switch to EN (EN)\">\n\t\t\t\t\t                                    <img decoding=\"async\"\n            class=\"wpml-ls-flag\"\n            src=\"https:\/\/freiheit-kongress.de\/wp-content\/plugins\/sitepress-multilingual-cms\/res\/flags\/en.svg\"\n            alt=\"\"\n            loading=\"lazy\"\n            width=18\n            height=12\n    \/><span class=\"wpml-ls-native\">EN<\/span><\/a>\n\t\t\t<\/li><li class=\"wpml-ls-slot-shortcode_actions wpml-ls-item wpml-ls-item-de wpml-ls-last-item wpml-ls-item-legacy-list-horizontal\">\n\t\t\t\t<a href=\"https:\/\/freiheit-kongress.de\/\" hreflang=\"de\" lang=\"de\" class=\"wpml-ls-link\" aria-label=\"Switch to DE (DE)\" title=\"Switch to DE (DE)\">\n\t\t\t\t\t                                    <img decoding=\"async\"\n            class=\"wpml-ls-flag\"\n            src=\"https:\/\/freiheit-kongress.de\/wp-content\/plugins\/sitepress-multilingual-cms\/res\/flags\/de.svg\"\n            alt=\"\"\n            loading=\"lazy\"\n            width=18\n            height=12\n    \/><span class=\"wpml-ls-native\">DE<\/span><\/a>\n\t\t\t<\/li><\/ul>\n<\/div>\n<\/div>\t\t\t\t<\/div>\n\t\t\t\t<\/div>\n\t\t\t\t<\/div>\n\t\t\t\t\t<\/div>\n\t\t\t\t<\/div>\n\t\t<div class=\"elementor-element elementor-element-422b520 e-con-full e-flex e-con e-parent\" data-id=\"422b520\" data-element_type=\"container\" data-e-type=\"container\" data-settings=\"{&quot;background_background&quot;:&quot;video&quot;,&quot;background_video_link&quot;:&quot;https:\\\/\\\/vimeo.com\\\/1030696786&quot;,&quot;background_video_start&quot;:0}\">\n\t\t<div class=\"elementor-background-video-container elementor-hidden-mobile\">\n\t\t\t\t\t\t\t<div class=\"elementor-background-video-embed\" role=\"presentation\"><\/div>\n\t\t\t\t\t\t<\/div>\t\t<div class=\"elementor-element elementor-element-1feccf9 elementor-widget elementor-widget-image\" data-id=\"1feccf9\" data-element_type=\"widget\" data-e-type=\"widget\" data-widget_type=\"image.default\">\n\t\t\t\t<div class=\"elementor-widget-container\">\n\t\t\t\t\t\t\t\t\t\t\t\t\t\t\t<img fetchpriority=\"high\" decoding=\"async\" width=\"1264\" height=\"705\" src=\"https:\/\/freiheit-kongress.de\/wp-content\/uploads\/2024\/11\/Freiheit_Logo_Weiss_Datum2.png\" class=\"attachment-full size-full wp-image-601\" alt=\"\" srcset=\"https:\/\/freiheit-kongress.de\/wp-content\/uploads\/2024\/11\/Freiheit_Logo_Weiss_Datum2.png 1264w, https:\/\/freiheit-kongress.de\/wp-content\/uploads\/2024\/11\/Freiheit_Logo_Weiss_Datum2-300x167.png 300w, https:\/\/freiheit-kongress.de\/wp-content\/uploads\/2024\/11\/Freiheit_Logo_Weiss_Datum2-1024x571.png 1024w, https:\/\/freiheit-kongress.de\/wp-content\/uploads\/2024\/11\/Freiheit_Logo_Weiss_Datum2-768x428.png 768w\" sizes=\"(max-width: 1264px) 100vw, 1264px\" \/>\t\t\t\t\t\t\t\t\t\t\t\t\t\t\t<\/div>\n\t\t\t\t<\/div>\n\t\t\t\t<\/div>\n\t\t<div class=\"elementor-element elementor-element-47c98bd e-grid e-con-full e-con e-parent\" data-id=\"47c98bd\" data-element_type=\"container\" data-e-type=\"container\">\n\t\t<div class=\"elementor-element elementor-element-4a46d1e e-con-full e-flex e-con e-child\" data-id=\"4a46d1e\" data-element_type=\"container\" data-e-type=\"container\">\n\t\t\t\t<\/div>\n\t\t<div class=\"elementor-element elementor-element-c5d289d e-con-full elementor-hidden-tablet elementor-hidden-mobile e-flex e-con e-child\" data-id=\"c5d289d\" data-element_type=\"container\" data-e-type=\"container\" data-settings=\"{&quot;background_background&quot;:&quot;classic&quot;}\">\n\t\t\t\t<div class=\"elementor-element elementor-element-8695e4f elementor-widget elementor-widget-heading\" data-id=\"8695e4f\" data-element_type=\"widget\" data-e-type=\"widget\" data-settings=\"{&quot;_animation&quot;:&quot;none&quot;}\" data-widget_type=\"heading.default\">\n\t\t\t\t<div class=\"elementor-widget-container\">\n\t\t\t\t\t<h3 class=\"elementor-heading-title elementor-size-default\">Prayer<\/h3>\t\t\t\t<\/div>\n\t\t\t\t<\/div>\n\t\t\t\t<\/div>\n\t\t\t\t<\/div>\n\t\t<div class=\"elementor-element elementor-element-7450c8b e-flex e-con-boxed e-con e-parent\" data-id=\"7450c8b\" data-element_type=\"container\" data-e-type=\"container\">\n\t\t\t\t\t<div class=\"e-con-inner\">\n\t\t\t\t<div class=\"elementor-element elementor-element-1434466 elementor-widget elementor-widget-spacer\" data-id=\"1434466\" data-element_type=\"widget\" data-e-type=\"widget\" data-widget_type=\"spacer.default\">\n\t\t\t\t<div class=\"elementor-widget-container\">\n\t\t\t\t\t\t\t<div class=\"elementor-spacer\">\n\t\t\t<div class=\"elementor-spacer-inner\"><\/div>\n\t\t<\/div>\n\t\t\t\t\t\t<\/div>\n\t\t\t\t<\/div>\n\t\t\t\t\t<\/div>\n\t\t\t\t<\/div>\n\t\t<div class=\"elementor-element elementor-element-f811002 e-flex e-con-boxed e-con e-parent\" data-id=\"f811002\" data-element_type=\"container\" data-e-type=\"container\" data-settings=\"{&quot;animation&quot;:&quot;none&quot;}\">\n\t\t\t\t\t<div class=\"e-con-inner\">\n\t\t\t\t<div class=\"elementor-element elementor-element-1d8c77b elementor-widget elementor-widget-text-editor\" data-id=\"1d8c77b\" data-element_type=\"widget\" data-e-type=\"widget\" data-widget_type=\"text-editor.default\">\n\t\t\t\t<div class=\"elementor-widget-container\">\n\t\t\t\t\t\t\t\t\t<h1 class=\"font-bold text-pretty [line-height:1.4] text-2xl\">Prayer at the Freedom 2026 Congress<\/h1><h2 class=\"font-bold text-pretty [line-height:1.4] text-xl\">Stand up for liberation<\/h2><p>At the Freedom 2026 Congress, you have the opportunity to join a meaningful community that actively advocates for people suffering from human trafficking and sexual exploitation. One of the centerpieces of our congress is the prayer room \u2014 a place of hope, compassion, and spiritual support. <\/p><p> <\/p><h2 class=\"font-bold text-pretty [line-height:1.4] text-xl\">Praying for the victims<\/h2><p>In the prayer room, you can take time to pray for the liberation and healing of victims. Regardless of your personal faith practice, we invite you to express your care and solidarity. Allow yourself to be carried by the power of community\u2014together we can sow hope for those who are on the path from darkness to freedom.  <\/p><p> <\/p><h2 class=\"font-bold text-pretty [line-height:1.4] text-xl\">Prayer and blessings for you<\/h2><p>The prayer room is not only a place where we pray for others. It is also a place of renewal for you personally. Many people who are committed to fighting human trafficking and sexual exploitation carry heavy burdens. Here you can receive strength, blessings, and inner refreshment. Allow yourself to be carried by the prayer of the community\u2014you deserve support.    <\/p><p> <\/p><h2 class=\"font-bold text-pretty [line-height:1.4] text-xl\">A place of tranquility and strength<\/h2><p>The prayer room offers a quiet, respectful atmosphere where you can:<\/p><ul><li><p>have time for inner reflection<\/p><\/li><li><p>express your concerns and worries<\/p><\/li><li><p>meet experienced prayer partners<\/p><\/li><li><p>become part of a global movement for freedom<\/p><\/li><\/ul><p> <\/p><h2 class=\"font-bold text-pretty [line-height:1.4] text-xl\">Everyone is welcome!<\/h2><p>Whether you pray regularly, are visiting a prayer room for the first time, or are simply looking for a moment of reflection\u2014<br>you are very welcome! <\/p><p> <\/p><hr><p><strong>Take advantage of this opportunity during the Congress, April 9-12, 2026, in Schw\u00e4bisch Gm\u00fcnd. <br>Be encouraged and encourage others\u2014together for freedom and dignity. <\/strong><\/p>\t\t\t\t\t\t\t\t<\/div>\n\t\t\t\t<\/div>\n\t\t\t\t\t<\/div>\n\t\t\t\t<\/div>\n\t\t<div class=\"elementor-element elementor-element-f4b2971 e-flex e-con-boxed e-con e-parent\" data-id=\"f4b2971\" data-element_type=\"container\" data-e-type=\"container\">\n\t\t\t\t\t<div class=\"e-con-inner\">\n\t\t\t\t<div class=\"elementor-element elementor-element-b167cd3 elementor-widget elementor-widget-spacer\" data-id=\"b167cd3\" data-element_type=\"widget\" data-e-type=\"widget\" data-widget_type=\"spacer.default\">\n\t\t\t\t<div class=\"elementor-widget-container\">\n\t\t\t\t\t\t\t<div class=\"elementor-spacer\">\n\t\t\t<div class=\"elementor-spacer-inner\"><\/div>\n\t\t<\/div>\n\t\t\t\t\t\t<\/div>\n\t\t\t\t<\/div>\n\t\t\t\t\t<\/div>\n\t\t\t\t<\/div>\n\t\t<div class=\"elementor-element elementor-element-40a9750 e-flex e-con-boxed e-con e-parent\" data-id=\"40a9750\" data-element_type=\"container\" data-e-type=\"container\" data-settings=\"{&quot;background_background&quot;:&quot;classic&quot;}\">\n\t\t\t\t\t<div class=\"e-con-inner\">\n\t\t\t\t<div class=\"elementor-element elementor-element-48fb028 elementor-widget elementor-widget-heading\" data-id=\"48fb028\" data-element_type=\"widget\" data-e-type=\"widget\" data-widget_type=\"heading.default\">\n\t\t\t\t<div class=\"elementor-widget-container\">\n\t\t\t\t\t<h1 class=\"elementor-heading-title elementor-size-default\">Together against modern slavery!<\/h1>\t\t\t\t<\/div>\n\t\t\t\t<\/div>\n\t\t\t\t<div class=\"elementor-element elementor-element-b9d0136 elementor-align-center elementor-mobile-align-center elementor-widget elementor-widget-button\" data-id=\"b9d0136\" data-element_type=\"widget\" data-e-type=\"widget\" data-widget_type=\"button.default\">\n\t\t\t\t<div class=\"elementor-widget-container\">\n\t\t\t\t\t\t\t\t\t<div class=\"elementor-button-wrapper\">\n\t\t\t\t\t<a class=\"elementor-button elementor-button-link elementor-size-sm\" href=\"https:\/\/schoenblick.de\/de\/anmeldung-kongress-freiheit-2026\" target=\"_blank\" id=\"orange_Button\">\n\t\t\t\t\t\t<span class=\"elementor-button-content-wrapper\">\n\t\t\t\t\t\t\t\t\t<span class=\"elementor-button-text\">Register for the conference now!<\/span>\n\t\t\t\t\t<\/span>\n\t\t\t\t\t<\/a>\n\t\t\t\t<\/div>\n\t\t\t\t\t\t\t\t<\/div>\n\t\t\t\t<\/div>\n\t\t\t\t\t<\/div>\n\t\t\t\t<\/div>\n\t\t<div class=\"elementor-element elementor-element-20df958 e-flex e-con-boxed e-con e-parent\" data-id=\"20df958\" data-element_type=\"container\" data-e-type=\"container\">\n\t\t\t\t\t<div class=\"e-con-inner\">\n\t\t\t\t<div class=\"elementor-element elementor-element-d409066 elementor-widget elementor-widget-spacer\" data-id=\"d409066\" data-element_type=\"widget\" data-e-type=\"widget\" data-widget_type=\"spacer.default\">\n\t\t\t\t<div class=\"elementor-widget-container\">\n\t\t\t\t\t\t\t<div class=\"elementor-spacer\">\n\t\t\t<div class=\"elementor-spacer-inner\"><\/div>\n\t\t<\/div>\n\t\t\t\t\t\t<\/div>\n\t\t\t\t<\/div>\n\t\t\t\t\t<\/div>\n\t\t\t\t<\/div>\n\t\t<footer class=\"elementor-element elementor-element-7165bd49 e-flex e-con-boxed e-con e-parent\" data-id=\"7165bd49\" data-element_type=\"container\" data-e-type=\"container\">\n\t\t\t\t\t<div class=\"e-con-inner\">\n\t\t<div class=\"elementor-element elementor-element-8aecbc9 e-con-full e-flex e-con e-child\" data-id=\"8aecbc9\" data-element_type=\"container\" data-e-type=\"container\">\n\t\t\t\t<div class=\"elementor-element elementor-element-63b81c65 elementor-widget elementor-widget-image\" data-id=\"63b81c65\" data-element_type=\"widget\" data-e-type=\"widget\" data-widget_type=\"image.default\">\n\t\t\t\t<div class=\"elementor-widget-container\">\n\t\t\t\t\t\t\t\t\t\t\t\t\t\t\t<img decoding=\"async\" width=\"220\" height=\"71\" src=\"https:\/\/freiheit-kongress.de\/wp-content\/uploads\/2024\/11\/logo_schoenblick.jpg\" class=\"attachment-full size-full wp-image-590\" alt=\"\" \/>\t\t\t\t\t\t\t\t\t\t\t\t\t\t\t<\/div>\n\t\t\t\t<\/div>\n\t\t\t\t<\/div>\n\t\t<div class=\"elementor-element elementor-element-4aa47f40 e-con-full e-flex e-con e-child\" data-id=\"4aa47f40\" data-element_type=\"container\" data-e-type=\"container\">\n\t\t\t\t<div class=\"elementor-element elementor-element-205b6d42 elementor-icon-list--layout-inline elementor-tablet-align-center elementor-align-center elementor-list-item-link-full_width elementor-widget elementor-widget-icon-list\" data-id=\"205b6d42\" data-element_type=\"widget\" data-e-type=\"widget\" data-widget_type=\"icon-list.default\">\n\t\t\t\t<div class=\"elementor-widget-container\">\n\t\t\t\t\t\t\t<ul class=\"elementor-icon-list-items elementor-inline-items\">\n\t\t\t\t\t\t\t<li class=\"elementor-icon-list-item elementor-inline-item\">\n\t\t\t\t\t\t\t\t\t\t<span class=\"elementor-icon-list-text\">Sch\u00f6nblick<\/span>\n\t\t\t\t\t\t\t\t\t<\/li>\n\t\t\t\t\t\t\t\t<li class=\"elementor-icon-list-item elementor-inline-item\">\n\t\t\t\t\t\t\t\t\t\t\t<a href=\"tel:123-456-7890\">\n\n\t\t\t\t\t\t\t\t\t\t\t<span class=\"elementor-icon-list-text\">Willy-Schenk-Stra\u00dfe 9 73527 Schw\u00e4bisch Gm\u00fcnd <\/span>\n\t\t\t\t\t\t\t\t\t\t\t<\/a>\n\t\t\t\t\t\t\t\t\t<\/li>\n\t\t\t\t\t\t\t\t<li class=\"elementor-icon-list-item elementor-inline-item\">\n\t\t\t\t\t\t\t\t\t\t<span class=\"elementor-icon-list-text\">Phone: 07171 9707-0<\/span>\n\t\t\t\t\t\t\t\t\t<\/li>\n\t\t\t\t\t\t\t\t<li class=\"elementor-icon-list-item elementor-inline-item\">\n\t\t\t\t\t\t\t\t\t\t\t<a href=\"mailto:%20info@schoenblick.de\">\n\n\t\t\t\t\t\t\t\t\t\t\t<span class=\"elementor-icon-list-text\">E-mail: info@schoenblick.de<\/span>\n\t\t\t\t\t\t\t\t\t\t\t<\/a>\n\t\t\t\t\t\t\t\t\t<\/li>\n\t\t\t\t\t\t<\/ul>\n\t\t\t\t\t\t<\/div>\n\t\t\t\t<\/div>\n\t\t\t\t<\/div>\n\t\t<div class=\"elementor-element elementor-element-3429b20c e-con-full e-flex e-con e-child\" data-id=\"3429b20c\" data-element_type=\"container\" data-e-type=\"container\">\n\t\t\t\t<\/div>\n\t\t\t\t\t<\/div>\n\t\t\t\t<\/footer>\n\t\t<div class=\"elementor-element elementor-element-25a3e755 e-flex e-con-boxed e-con e-parent\" data-id=\"25a3e755\" data-element_type=\"container\" data-e-type=\"container\" data-settings=\"{&quot;background_background&quot;:&quot;classic&quot;}\">\n\t\t\t\t\t<div class=\"e-con-inner\">\n\t\t\t\t<div class=\"elementor-element elementor-element-3c53ed19 elementor-widget elementor-widget-heading\" data-id=\"3c53ed19\" data-element_type=\"widget\" data-e-type=\"widget\" data-widget_type=\"heading.default\">\n\t\t\t\t<div class=\"elementor-widget-container\">\n\t\t\t\t\t<p class=\"elementor-heading-title elementor-size-default\">\u00a9 2026 All Rights Reserved.<\/p>\t\t\t\t<\/div>\n\t\t\t\t<\/div>\n\t\t\t\t\t<\/div>\n\t\t\t\t<\/div>\n\t\t\t\t<\/div>\n\t\t","protected":false},"excerpt":{"rendered":"<p>The Freedom 2026 is a congress against human trafficking and sexual exploitation at Sch\u00f6nblick. <\/p>\n","protected":false},"author":2,"featured_media":530,"parent":0,"menu_order":0,"comment_status":"closed","ping_status":"closed","template":"elementor_canvas","meta":{"footnotes":""},"class_list":["post-691","page","type-page","status-publish","has-post-thumbnail","hentry"],"yoast_head":"<!-- This site is optimized with the Yoast SEO plugin v27.4 - https:\/\/yoast.com\/product\/yoast-seo-wordpress\/ -->\n<title>Prayer - Freiheit Kongress<\/title>\n<meta name=\"description\" content=\"Throughout the congress, there will be opportunities to pray and to have others pray for you.\" \/>\n<meta name=\"robots\" content=\"index, follow, max-snippet:-1, max-image-preview:large, max-video-preview:-1\" \/>\n<link rel=\"canonical\" href=\"https:\/\/freiheit-kongress.de\/en\/freedom-2026-congress-against-human-trafficking-and-sexual-exploitation-3\/\" \/>\n<meta property=\"og:locale\" content=\"en_US\" \/>\n<meta property=\"og:type\" content=\"article\" \/>\n<meta property=\"og:title\" content=\"Prayer - Freiheit Kongress\" \/>\n<meta property=\"og:description\" content=\"Throughout the congress, there will be opportunities to pray and to have others pray for you.\" \/>\n<meta property=\"og:url\" content=\"https:\/\/freiheit-kongress.de\/en\/freedom-2026-congress-against-human-trafficking-and-sexual-exploitation-3\/\" \/>\n<meta property=\"og:site_name\" content=\"Freiheit Kongress\" \/>\n<meta property=\"article:modified_time\" content=\"2026-01-14T05:45:35+00:00\" \/>\n<meta property=\"og:image\" content=\"https:\/\/freiheit-kongress.de\/wp-content\/uploads\/2024\/10\/Freiheit-Logo.png\" \/>\n\t<meta property=\"og:image:width\" content=\"1920\" \/>\n\t<meta property=\"og:image:height\" content=\"1080\" \/>\n\t<meta property=\"og:image:type\" content=\"image\/png\" \/>\n<meta name=\"twitter:card\" content=\"summary_large_image\" \/>\n<meta name=\"twitter:label1\" content=\"Est. reading time\" \/>\n\t<meta name=\"twitter:data1\" content=\"3 minutes\" \/>\n<script type=\"application\/ld+json\" class=\"yoast-schema-graph\">{\"@context\":\"https:\\\/\\\/schema.org\",\"@graph\":[{\"@type\":\"WebPage\",\"@id\":\"https:\\\/\\\/freiheit-kongress.de\\\/en\\\/freedom-2026-congress-against-human-trafficking-and-sexual-exploitation-3\\\/\",\"url\":\"https:\\\/\\\/freiheit-kongress.de\\\/en\\\/freedom-2026-congress-against-human-trafficking-and-sexual-exploitation-3\\\/\",\"name\":\"Prayer - Freiheit Kongress\",\"isPartOf\":{\"@id\":\"https:\\\/\\\/freiheit-kongress.de\\\/en\\\/#website\"},\"primaryImageOfPage\":{\"@id\":\"https:\\\/\\\/freiheit-kongress.de\\\/en\\\/freedom-2026-congress-against-human-trafficking-and-sexual-exploitation-3\\\/#primaryimage\"},\"image\":{\"@id\":\"https:\\\/\\\/freiheit-kongress.de\\\/en\\\/freedom-2026-congress-against-human-trafficking-and-sexual-exploitation-3\\\/#primaryimage\"},\"thumbnailUrl\":\"https:\\\/\\\/freiheit-kongress.de\\\/wp-content\\\/uploads\\\/2024\\\/10\\\/Freiheit-Logo.png\",\"datePublished\":\"2025-11-17T12:31:43+00:00\",\"dateModified\":\"2026-01-14T05:45:35+00:00\",\"description\":\"Throughout the congress, there will be opportunities to pray and to have others pray for you.\",\"breadcrumb\":{\"@id\":\"https:\\\/\\\/freiheit-kongress.de\\\/en\\\/freedom-2026-congress-against-human-trafficking-and-sexual-exploitation-3\\\/#breadcrumb\"},\"inLanguage\":\"en-US\",\"potentialAction\":[{\"@type\":\"ReadAction\",\"target\":[\"https:\\\/\\\/freiheit-kongress.de\\\/en\\\/freedom-2026-congress-against-human-trafficking-and-sexual-exploitation-3\\\/\"]}]},{\"@type\":\"ImageObject\",\"inLanguage\":\"en-US\",\"@id\":\"https:\\\/\\\/freiheit-kongress.de\\\/en\\\/freedom-2026-congress-against-human-trafficking-and-sexual-exploitation-3\\\/#primaryimage\",\"url\":\"https:\\\/\\\/freiheit-kongress.de\\\/wp-content\\\/uploads\\\/2024\\\/10\\\/Freiheit-Logo.png\",\"contentUrl\":\"https:\\\/\\\/freiheit-kongress.de\\\/wp-content\\\/uploads\\\/2024\\\/10\\\/Freiheit-Logo.png\",\"width\":1920,\"height\":1080},{\"@type\":\"BreadcrumbList\",\"@id\":\"https:\\\/\\\/freiheit-kongress.de\\\/en\\\/freedom-2026-congress-against-human-trafficking-and-sexual-exploitation-3\\\/#breadcrumb\",\"itemListElement\":[{\"@type\":\"ListItem\",\"position\":1,\"name\":\"Startseite\",\"item\":\"https:\\\/\\\/freiheit-kongress.de\\\/en\\\/\"},{\"@type\":\"ListItem\",\"position\":2,\"name\":\"Prayer\"}]},{\"@type\":\"WebSite\",\"@id\":\"https:\\\/\\\/freiheit-kongress.de\\\/en\\\/#website\",\"url\":\"https:\\\/\\\/freiheit-kongress.de\\\/en\\\/\",\"name\":\"Freiheit Kongress\",\"description\":\"\",\"publisher\":{\"@id\":\"https:\\\/\\\/freiheit-kongress.de\\\/en\\\/#organization\"},\"potentialAction\":[{\"@type\":\"SearchAction\",\"target\":{\"@type\":\"EntryPoint\",\"urlTemplate\":\"https:\\\/\\\/freiheit-kongress.de\\\/en\\\/?s={search_term_string}\"},\"query-input\":{\"@type\":\"PropertyValueSpecification\",\"valueRequired\":true,\"valueName\":\"search_term_string\"}}],\"inLanguage\":\"en-US\"},{\"@type\":\"Organization\",\"@id\":\"https:\\\/\\\/freiheit-kongress.de\\\/en\\\/#organization\",\"name\":\"Sch\u00f6nblick\",\"url\":\"https:\\\/\\\/freiheit-kongress.de\\\/en\\\/\",\"logo\":{\"@type\":\"ImageObject\",\"inLanguage\":\"en-US\",\"@id\":\"https:\\\/\\\/freiheit-kongress.de\\\/en\\\/#\\\/schema\\\/logo\\\/image\\\/\",\"url\":\"https:\\\/\\\/freiheit-kongress.de\\\/wp-content\\\/uploads\\\/2024\\\/10\\\/Logo-Arial-ohne-titel.png\",\"contentUrl\":\"https:\\\/\\\/freiheit-kongress.de\\\/wp-content\\\/uploads\\\/2024\\\/10\\\/Logo-Arial-ohne-titel.png\",\"width\":1264,\"height\":314,\"caption\":\"Sch\u00f6nblick\"},\"image\":{\"@id\":\"https:\\\/\\\/freiheit-kongress.de\\\/en\\\/#\\\/schema\\\/logo\\\/image\\\/\"}}]}<\/script>\n<!-- \/ Yoast SEO plugin. -->","yoast_head_json":{"title":"Prayer - Freiheit Kongress","description":"Throughout the congress, there will be opportunities to pray and to have others pray for you.","robots":{"index":"index","follow":"follow","max-snippet":"max-snippet:-1","max-image-preview":"max-image-preview:large","max-video-preview":"max-video-preview:-1"},"canonical":"https:\/\/freiheit-kongress.de\/en\/freedom-2026-congress-against-human-trafficking-and-sexual-exploitation-3\/","og_locale":"en_US","og_type":"article","og_title":"Prayer - Freiheit Kongress","og_description":"Throughout the congress, there will be opportunities to pray and to have others pray for you.","og_url":"https:\/\/freiheit-kongress.de\/en\/freedom-2026-congress-against-human-trafficking-and-sexual-exploitation-3\/","og_site_name":"Freiheit Kongress","article_modified_time":"2026-01-14T05:45:35+00:00","og_image":[{"width":1920,"height":1080,"url":"https:\/\/freiheit-kongress.de\/wp-content\/uploads\/2024\/10\/Freiheit-Logo.png","type":"image\/png"}],"twitter_card":"summary_large_image","twitter_misc":{"Est. reading time":"3 minutes"},"schema":{"@context":"https:\/\/schema.org","@graph":[{"@type":"WebPage","@id":"https:\/\/freiheit-kongress.de\/en\/freedom-2026-congress-against-human-trafficking-and-sexual-exploitation-3\/","url":"https:\/\/freiheit-kongress.de\/en\/freedom-2026-congress-against-human-trafficking-and-sexual-exploitation-3\/","name":"Prayer - Freiheit Kongress","isPartOf":{"@id":"https:\/\/freiheit-kongress.de\/en\/#website"},"primaryImageOfPage":{"@id":"https:\/\/freiheit-kongress.de\/en\/freedom-2026-congress-against-human-trafficking-and-sexual-exploitation-3\/#primaryimage"},"image":{"@id":"https:\/\/freiheit-kongress.de\/en\/freedom-2026-congress-against-human-trafficking-and-sexual-exploitation-3\/#primaryimage"},"thumbnailUrl":"https:\/\/freiheit-kongress.de\/wp-content\/uploads\/2024\/10\/Freiheit-Logo.png","datePublished":"2025-11-17T12:31:43+00:00","dateModified":"2026-01-14T05:45:35+00:00","description":"Throughout the congress, there will be opportunities to pray and to have others pray for you.","breadcrumb":{"@id":"https:\/\/freiheit-kongress.de\/en\/freedom-2026-congress-against-human-trafficking-and-sexual-exploitation-3\/#breadcrumb"},"inLanguage":"en-US","potentialAction":[{"@type":"ReadAction","target":["https:\/\/freiheit-kongress.de\/en\/freedom-2026-congress-against-human-trafficking-and-sexual-exploitation-3\/"]}]},{"@type":"ImageObject","inLanguage":"en-US","@id":"https:\/\/freiheit-kongress.de\/en\/freedom-2026-congress-against-human-trafficking-and-sexual-exploitation-3\/#primaryimage","url":"https:\/\/freiheit-kongress.de\/wp-content\/uploads\/2024\/10\/Freiheit-Logo.png","contentUrl":"https:\/\/freiheit-kongress.de\/wp-content\/uploads\/2024\/10\/Freiheit-Logo.png","width":1920,"height":1080},{"@type":"BreadcrumbList","@id":"https:\/\/freiheit-kongress.de\/en\/freedom-2026-congress-against-human-trafficking-and-sexual-exploitation-3\/#breadcrumb","itemListElement":[{"@type":"ListItem","position":1,"name":"Startseite","item":"https:\/\/freiheit-kongress.de\/en\/"},{"@type":"ListItem","position":2,"name":"Prayer"}]},{"@type":"WebSite","@id":"https:\/\/freiheit-kongress.de\/en\/#website","url":"https:\/\/freiheit-kongress.de\/en\/","name":"Freiheit Kongress","description":"","publisher":{"@id":"https:\/\/freiheit-kongress.de\/en\/#organization"},"potentialAction":[{"@type":"SearchAction","target":{"@type":"EntryPoint","urlTemplate":"https:\/\/freiheit-kongress.de\/en\/?s={search_term_string}"},"query-input":{"@type":"PropertyValueSpecification","valueRequired":true,"valueName":"search_term_string"}}],"inLanguage":"en-US"},{"@type":"Organization","@id":"https:\/\/freiheit-kongress.de\/en\/#organization","name":"Sch\u00f6nblick","url":"https:\/\/freiheit-kongress.de\/en\/","logo":{"@type":"ImageObject","inLanguage":"en-US","@id":"https:\/\/freiheit-kongress.de\/en\/#\/schema\/logo\/image\/","url":"https:\/\/freiheit-kongress.de\/wp-content\/uploads\/2024\/10\/Logo-Arial-ohne-titel.png","contentUrl":"https:\/\/freiheit-kongress.de\/wp-content\/uploads\/2024\/10\/Logo-Arial-ohne-titel.png","width":1264,"height":314,"caption":"Sch\u00f6nblick"},"image":{"@id":"https:\/\/freiheit-kongress.de\/en\/#\/schema\/logo\/image\/"}}]}},"_links":{"self":[{"href":"https:\/\/freiheit-kongress.de\/en\/wp-json\/wp\/v2\/pages\/691","targetHints":{"allow":["GET"]}}],"collection":[{"href":"https:\/\/freiheit-kongress.de\/en\/wp-json\/wp\/v2\/pages"}],"about":[{"href":"https:\/\/freiheit-kongress.de\/en\/wp-json\/wp\/v2\/types\/page"}],"author":[{"embeddable":true,"href":"https:\/\/freiheit-kongress.de\/en\/wp-json\/wp\/v2\/users\/2"}],"replies":[{"embeddable":true,"href":"https:\/\/freiheit-kongress.de\/en\/wp-json\/wp\/v2\/comments?post=691"}],"version-history":[{"count":5,"href":"https:\/\/freiheit-kongress.de\/en\/wp-json\/wp\/v2\/pages\/691\/revisions"}],"predecessor-version":[{"id":2549,"href":"https:\/\/freiheit-kongress.de\/en\/wp-json\/wp\/v2\/pages\/691\/revisions\/2549"}],"wp:featuredmedia":[{"embeddable":true,"href":"https:\/\/freiheit-kongress.de\/en\/wp-json\/wp\/v2\/media\/530"}],"wp:attachment":[{"href":"https:\/\/freiheit-kongress.de\/en\/wp-json\/wp\/v2\/media?parent=691"}],"curies":[{"name":"wp","href":"https:\/\/api.w.org\/{rel}","templated":true}]}}